{"id":199,"date":"2020-08-12T22:45:45","date_gmt":"2020-08-12T20:45:45","guid":{"rendered":"http:\/\/typonoclaste.org\/index.php\/kekreg\/"},"modified":"2021-04-24T16:21:27","modified_gmt":"2021-04-24T14:21:27","slug":"kekreg","status":"publish","type":"page","link":"https:\/\/typonoclaste.org\/index.php\/kekreg\/","title":{"rendered":"KEKREG"},"content":{"rendered":"<div class=\"\" style=\"\" >\n    \n    <section class=\"u-clearfix u-section-2\" id=\"sec-8956\">\n      <div class=\"u-clearfix u-sheet u-sheet-1\">\n        <div class=\"u-clearfix u-expanded-width u-gutter-10 u-layout-wrap u-layout-wrap-1\">\n          <div class=\"u-layout\" style=\"\">\n            <div class=\"u-layout-row\" style=\"\">\n              <div class=\"u-align-left u-container-style u-image u-layout-cell u-left-cell u-size-30 u-size-xs-60 u-image-1\" src=\"\" data-image-width=\"523\" data-image-height=\"610\">\n                <div class=\"u-container-layout u-valign-middle u-container-layout-1\" src=\"\"><\/div>\n              <\/div>\n              <div class=\"u-align-left u-container-style u-layout-cell u-right-cell u-size-30 u-size-xs-60 u-white u-layout-cell-2\">\n                <div class=\"u-container-layout u-valign-top u-container-layout-2\">\n                  <h2 class=\"u-text u-text-palette-1-dark-1 u-text-1\">KEKREG<\/h2>\n                  <p class=\"u-text u-text-2\"> QUELQUES R\u00c8GLES DE BASES ESSENTIELLES\n&amp; INDISPENSABLES POUR PASSER LE TEMPS\nEN TYPOGRAPHIE AU XXIe SI\u00c8CLE.<\/p>\n                  <h4 class=\"u-text u-text-3\">\u00abSans r\u00e8gle je n\u2019arrive pas \u00e0 mesurer, sans mesure je ne trace pas droit.\u00bb&nbsp;\n&gt;&gt;&gt;&gt;&gt;&gt;&gt;&gt;&gt; Gilles \u00c9ricsson<\/h4>\n                <\/div>\n              <\/div>\n            <\/div>\n          <\/div>\n        <\/div>\n      <\/div>\n    <\/section>\n    <section class=\"u-align-left u-clearfix u-section-3\" id=\"sec-a6fa\">\n      <div class=\"u-clearfix u-sheet u-sheet-1\">\n        <p class=\"u-align-justify u-text u-text-1\"><b>\n            <font class=\"u-text-palette-1-base\">Depuis 30 ans<\/font><\/b>, dans la typoth\u00e8que <b>\n            <font class=\"u-text-palette-1-base\">RADIATEUR\u00aefontes<\/font><\/b>, <b>\n            <font class=\"u-text-palette-1-base\">JJ Tachdjian<\/font><\/b> \u00ae\u00e9unit ses c\u00ae\u00e9ations de ca\u00aeact\u00e8res d\u00e9viantes.<br>RADIATEUR\u00aefontes n\u2019est pas une v\u00aeaie typoth\u00e8que, \u00ae n\u2019officie pas depuis une base secr\u00e8te qui n\u2019est pas indiqu\u00e9e sur les ca\u00aetes, \u00ae n\u2019est pas une vieille institut\u00aeice qui a eu une \u00ae\u00e9v\u00e9lation sur les contrefo\u00aets de l\u2019Himalaya, \u00ae n\u2019a pas \u00e9t\u00e9 \u00e9lev\u00e9e par des go\u00aeilles dans la jungle af\u00aeicaine, \u00ae ne veut pas \u00ae\u00e9volutionner la typog\u00aeaphie du XXIe si\u00e8cle, \u00ae n\u2019a pas re\u00e7u de \u00aeayons gamma lors d\u2019un voyage dans l\u2019espace, \u00ae ne se vend pas, \u00ae ne s\u2019utilise que pou\u00ae des usages bien p\u00ae\u00e9cis en deho\u00aes desquels ses fontes ne peuvent co\u00ae\u00aeectement \u00aeemplir leu\u00ae fonctions, \u00ae ne pense qu\u2019\u00e0 \u00e7a quand il pense, \u00ae est \u00e9volutif mais tondu, \u00ae n\u2019est pas politiquement co\u00ae\u00aeect, \u00ae est adepte du callitypog\u00aeaphitisme, et pa\u00ae dessus tout : <b>\n            <font class=\"u-text-palette-1-base\">\u00ae vous aime, et c\u2019est d\u00e9j\u00e0 pas mal\u2026<\/font><\/b>\n        <\/p>\n      <\/div>\n    <\/section>\n    <section class=\"u-align-center u-clearfix u-grey-70 u-section-4\" id=\"sec-fcb5\">\n      <div class=\"u-clearfix u-sheet u-sheet-1\">\n        <h5 class=\"u-text u-text-1\">\u00ab L\u2019<font class=\"u-text-palette-1-light-1\">ANTI<\/font>POGRAPHE <font class=\"u-text-palette-1-light-1\">MODE<\/font>RNE A LE <font class=\"u-text-palette-1-light-1\">REIN<\/font> BALDIEN \u00bb<br>\n        <\/h5>\n        <h5 class=\"u-text u-text-2\">\n          <span style=\"font-weight: normal;\">&gt;&gt;&gt;\tJJ Tachdjian,&nbsp;\n\tun soir d\u2019\u00e9garement<\/span>\n          <br>\n        <\/h5>\n        <p class=\"u-text u-text-3\">\n          <a href=\"#carousel_c79e\" class=\"u-btn u-button-style u-none u-text-palette-1-light-2 u-btn-1\">&gt; La C\u00e9dille, le O-E dans l\u2019O, et autres particularismes fran\u00e7ais&nbsp;<br>n\u00e9s d\u2019erreurs et si agr\u00e9ables \u00e0 bricoler soi-m\u00eame.&nbsp;\n          <\/a>&nbsp; &nbsp; &nbsp;&nbsp;<br>\n          <br>&gt; La Ponctuature in\u00e9vitable,\net autres indispensables futilit\u00e9s subtiles.&nbsp;<br>\n          <br>&nbsp; &nbsp; &nbsp; &gt; Les empattements patauds,\nplus quelques autres inutilit\u00e9s indispensables \u00e0 l\u2019\u00e9poque num\u00e9rique.&nbsp;<br>\n          <br>&nbsp; &nbsp; &nbsp; &gt; Les petites gorges chaudes des coul\u00e9es de plomb,\nces madeleines proustiennes de la typographie.&nbsp;<br>\n          <br>&nbsp; &nbsp; &nbsp; &gt; La main de ma Cap dans la culotte de mes Bas de Casse,\nou comment raviver la flamme des r\u00e9volutionnaires de l\u2019\u00e9criture.&nbsp;<br>\n          <br>&nbsp; &nbsp; &nbsp; &gt; Do you \u00e9crire la France ou the english ?\nles va-et-vients de la langue entre deux landes s\u00e9par\u00e9es par un canal \u00e0 grand gabarit.&nbsp;<br>\n          <br>&nbsp; &nbsp; &nbsp; &gt; La gougoutte \u00e0 son chat,\n\u00e9crire \u00e0 la main avec des lettres en fer. \n        <\/p>\n      <\/div>\n    <\/section>\n    <section class=\"u-align-center u-clearfix u-section-5\" id=\"carousel_c79e\">\n      <div class=\"u-clearfix u-sheet u-sheet-1\">\n        <div class=\"u-expanded-width u-list u-list-1\">\n          <div class=\"u-repeater u-repeater-1\">\n            <div class=\"u-align-left u-container-style u-list-item u-repeater-item\">\n              <div class=\"u-container-layout u-similar-container u-container-layout-1\">\n                <div class=\"u-align-left u-container-style u-group u-palette-1-base u-group-1\">\n                  <div class=\"u-container-layout u-container-layout-2\">\n                    <p class=\"u-text u-text-1\">&nbsp;La C\u00e9dille,&nbsp;\nle O E dans l\u2019O,\net autres pARTICULarismEs de la langue fran\u00e7aise&nbsp;\nn\u00e9s d\u2019errEURS&nbsp;\nSI agr\u00e9ables&nbsp;\n\u00e0 bricOler&nbsp;\nsoi-m\u00eame.&nbsp;<\/p>\n                  <\/div>\n                <\/div>\n                <div class=\"u-border-3 u-border-grey-dark-1 u-line u-line-horizontal u-line-1\"><\/div>\n                <div class=\"u-align-left u-container-style u-group u-palette-1-base u-group-2\">\n                  <div class=\"u-container-layout u-container-layout-3\">\n                    <img decoding=\"async\" class=\"u-image u-image-1\" src=\"https:\/\/typonoclaste.org\/wp-content\/uploads\/2020\/08\/spirale.png\" data-image-width=\"338\" data-image-height=\"348\" data-animation-name=\"fadeIn\" data-animation-duration=\"1000\" data-animation-delay=\"0\" data-animation-direction=\"Down\">\n                    <p class=\"u-text u-text-2\">L\u2019histoire de la typographie, \u00e0 l\u2019image de toute l\u2019histoire humaine, n\u2019est qu\u2019une suite de t\u00e2tonnements, d\u2019erreurs, de grosses boulettes \u00e9rig\u00e9es en r\u00e8gles que les plus dogmatiques appliquent comme des petits soldats qui marchent au pas sans m\u00eame les comprendre et en rire.&nbsp;\nDommage pour eux car le rire est le propre de l\u2019homme, ce qui prouve ainsi conjointement qu\u2019ils ne sont ni humains, bien qu\u2019ils se pr\u00e9dendissent humaniste, ni m\u00eame dr\u00f4le, ce qui est souvent assez ennuyeux pour les autres.&nbsp;<\/p>\n                  <\/div>\n                <\/div>\n              <\/div>\n            <\/div>\n          <\/div>\n        <\/div>\n      <\/div>\n    <\/section>\n    <section class=\"u-align-center u-clearfix u-section-6\" id=\"sec-75d2\">\n      <div class=\"u-clearfix u-sheet u-sheet-1\">\n        <img decoding=\"async\" src=\"https:\/\/typonoclaste.org\/wp-content\/uploads\/2020\/08\/EN-FOR-ANT.png\" alt=\"\" class=\"u-image u-image-default u-image-1\" data-image-width=\"850\" data-image-height=\"850\">\n        <div class=\"u-container-style u-group u-palette-5-light-2 u-group-1\">\n          <div class=\"u-container-layout u-valign-top u-container-layout-1\">\n            <img decoding=\"async\" src=\"https:\/\/typonoclaste.org\/wp-content\/uploads\/2020\/09\/cedille.png\" alt=\"\" class=\"u-expanded-width u-image u-image-default u-image-2\" data-image-width=\"599\" data-image-height=\"402\">\n          <\/div>\n        <\/div>\n        <img decoding=\"async\" src=\"https:\/\/typonoclaste.org\/wp-content\/uploads\/2020\/08\/cedille.png\" alt=\"\" class=\"u-image u-image-default u-image-3\" data-image-width=\"417\" data-image-height=\"451\">\n        <p class=\"u-text u-text-1\">Quelques g\u00e9n\u00e9rations de moines-copistes, accabl\u00e9s par des cadences infernales, qui tatonnaient all\u00e8grement sur l\u2019ortographe de mots en sifflantes en sifflant des hectolitres de bi\u00e8res d\u2019abbaye auront donn\u00e9 naissance \u00e0 cette petite excroissance boiteuse mais joliment virgul\u00e9e. Une petite correction sur les fesses d\u2019un \u00abC\u00bb faux mais \u00abS\u00bb vrai, recopi\u00e9e b\u00eatement au fil des manuscrits dans des bo\u00eetes \u00e0 copies monacales, et voil\u00e0 la langue fran\u00e7aise \u00e9crite affubl\u00e9e d\u2019un croquignolet petit appendice normalis\u00e9 par une renaissance romaine et royale qui la fige dans le plomb. Il en faut peu pour cr\u00e9er de la v\u00e9ritable po\u00e9sie populaire et pr\u00e9cieuse \u00e0 la fois. Le manque d\u2019innovation de l\u2019\u00e9poque moderne se verra peut-\u00eatre combl\u00e9 par le post-modernisme d\u00e9constructif, croisons les doigts.&nbsp;<\/p>\n      <\/div>\n    <\/section>\n    <section class=\"u-clearfix u-section-7\" id=\"sec-bee1\">\n      <div class=\"u-clearfix u-sheet u-valign-top u-sheet-1\">\n        <img decoding=\"async\" src=\"https:\/\/typonoclaste.org\/wp-content\/uploads\/2020\/09\/osez.png\" alt=\"\" class=\"u-image u-image-default u-image-1\" data-image-width=\"602\" data-image-height=\"492\" data-animation-name=\"zoomIn\" data-animation-duration=\"1000\" data-animation-delay=\"0\" data-animation-direction=\"Down\">\n        <h1 class=\"u-text u-text-palette-1-base u-title u-text-1\">T\u2019fais pas \u00e7ier!<\/h1>\n      <\/div>\n    <\/section>\n    <section class=\"u-clearfix u-section-8\" id=\"sec-98e7\">\n      <div class=\"u-clearfix u-sheet u-valign-bottom u-sheet-1\">\n        <div class=\"u-clearfix u-expanded-width u-layout-wrap u-layout-wrap-1\">\n          <div class=\"u-layout\">\n            <div class=\"u-layout-row\">\n              <div class=\"u-container-style u-layout-cell u-left-cell u-size-30 u-layout-cell-1\">\n                <div class=\"u-container-layout u-valign-bottom u-container-layout-1\">\n                  <h1 class=\"u-custom-font u-font-playfair-display u-text u-text-default u-title u-text-1\"> En fran\u00e7<font class=\"u-text-palette-1-base\">\u00e9<\/font> les <font class=\"u-text-palette-1-base\">\u00e9<\/font> sont accentu<font class=\"u-text-palette-1-base\">\u00e9<\/font>s <font class=\"u-text-palette-4-light-1\">mais \u00e7a tue\nl\u2019accent. <\/font>\n                  <\/h1>\n                  <h3 class=\"u-custom-font u-font-playfair-display u-text u-text-2\">\n                    <font class=\"u-text-palette-1-base\"> \u00e9ch\u00e9v\u00e9l\u00e9<\/font>, livid\u00e9, <font class=\"u-text-palette-1-base\">v\u00e9t\u00e9<\/font> de p\u00e9vres <font class=\"u-text-palette-1-base\">b\u00eates<\/font>, ils s\u2019en <font class=\"u-text-palette-1-base\">all\u00e9<\/font> qu\u00e9rir le <font class=\"u-text-palette-1-base\">f\u00e9bul\u00e9<\/font> m\u00e9tal tels d\u00e9 <font class=\"u-text-palette-1-base\">\u00e9p\u00e9rvi\u00e9s<\/font> sortis du <font class=\"u-text-palette-1-base\">g\u00e9rfauts <\/font>\n                  <\/h3>\n                <\/div>\n              <\/div>\n              <div class=\"u-container-style u-image u-layout-cell u-right-cell u-size-30 u-image-1\">\n                <div class=\"u-container-layout u-container-layout-2\"><\/div>\n              <\/div>\n            <\/div>\n          <\/div>\n        <\/div>\n      <\/div>\n    <\/section>\n    \n    \n    \n  \n<\/div>","protected":false},"excerpt":{"rendered":"<p>KEKREG QUELQUES R\u00c8GLES DE BASES ESSENTIELLES &amp; INDISPENSABLES POUR PASSER LE TEMPS EN TYPOGRAPHIE AU XXIe SI\u00c8CLE. \u00abSans r\u00e8gle je n\u2019arrive pas \u00e0 mesurer, sans mesure je ne trace pas droit.\u00bb&nbsp; &gt;&gt;&gt;&gt;&gt;&gt;&gt;&gt;&gt; Gilles \u00c9ricsson Depuis 30 ans, dans la typoth\u00e8que RADIATEUR\u00aefontes, JJ Tachdjian \u00ae\u00e9unit ses c\u00ae\u00e9ations de ca\u00aeact\u00e8res d\u00e9viantes.RADIATEUR\u00aefontes n\u2019est pas une v\u00aeaie typoth\u00e8que, \u00ae&hellip; <a class=\"more-link\" href=\"https:\/\/typonoclaste.org\/index.php\/kekreg\/\">Poursuivre la lecture <span class=\"screen-reader-text\">KEKREG<\/span><\/a><\/p>\n","protected":false},"author":1,"featured_media":0,"parent":0,"menu_order":2,"comment_status":"closed","ping_status":"closed","template":"","meta":{"footnotes":""},"class_list":["post-199","page","type-page","status-publish","hentry","entry"],"_links":{"self":[{"href":"https:\/\/typonoclaste.org\/index.php\/wp-json\/wp\/v2\/pages\/199"}],"collection":[{"href":"https:\/\/typonoclaste.org\/index.php\/wp-json\/wp\/v2\/pages"}],"about":[{"href":"https:\/\/typonoclaste.org\/index.php\/wp-json\/wp\/v2\/types\/page"}],"author":[{"embeddable":true,"href":"https:\/\/typonoclaste.org\/index.php\/wp-json\/wp\/v2\/users\/1"}],"replies":[{"embeddable":true,"href":"https:\/\/typonoclaste.org\/index.php\/wp-json\/wp\/v2\/comments?post=199"}],"version-history":[{"count":25,"href":"https:\/\/typonoclaste.org\/index.php\/wp-json\/wp\/v2\/pages\/199\/revisions"}],"predecessor-version":[{"id":453,"href":"https:\/\/typonoclaste.org\/index.php\/wp-json\/wp\/v2\/pages\/199\/revisions\/453"}],"wp:attachment":[{"href":"https:\/\/typonoclaste.org\/index.php\/wp-json\/wp\/v2\/media?parent=199"}],"curies":[{"name":"wp","href":"https:\/\/api.w.org\/{rel}","templated":true}]}}